{"id":1912,"date":"2015-05-05T08:56:38","date_gmt":"2015-05-05T08:56:38","guid":{"rendered":"http:\/\/servicios.unileon.es\/oficina-verde\/?page_id=1912"},"modified":"2016-05-31T12:28:34","modified_gmt":"2016-05-31T12:28:34","slug":"semana-verde-2016","status":"publish","type":"page","link":"https:\/\/servicios.unileon.es\/oficina-verde\/semana-verde-2016\/","title":{"rendered":"SEMANA VERDE 2016"},"content":{"rendered":"PROGRAMA:\r\n\r\n<a href=\"http:\/\/servicios.unileon.es\/oficina-verde\/semana-verde-2016\/semana-verde-2016-modificado\/\" rel=\"attachment wp-att-1952\"><img loading=\"lazy\" decoding=\"async\" class=\"alignnone size-medium wp-image-1952\" src=\"http:\/\/servicios.unileon.es\/oficina-verde\/files\/2015\/05\/Semana-Verde-2016-modificado-212x300.jpg\" alt=\"Semana Verde 2016 modificado\" width=\"212\" height=\"300\" srcset=\"https:\/\/servicios.unileon.es\/oficina-verde\/files\/2015\/05\/Semana-Verde-2016-modificado-212x300.jpg 212w, https:\/\/servicios.unileon.es\/oficina-verde\/files\/2015\/05\/Semana-Verde-2016-modificado-768x1086.jpg 768w, https:\/\/servicios.unileon.es\/oficina-verde\/files\/2015\/05\/Semana-Verde-2016-modificado-724x1024.jpg 724w\" sizes=\"auto, (max-width: 212px) 100vw, 212px\" \/><\/a>\r\n\r\n<strong>MARTES 24 DE MAYO<\/strong>\r\n\r\n\u202210:00h.\r\n\r\nFase Final \u00abII Concurso de Mieles de la provincia de Le\u00f3n ULE- URZAPA\u00bb en el Laboratorio de Microscop\u00eda de la Facultad de Ciencias Biol\u00f3gicas y Ambientales.\r\n\r\nEl Jurado Popular que decidir\u00e1 la Mejor Miel de Le\u00f3n 2015 en el II Concurso de Mieles ULE-URZAPA estar\u00e1 integrado por:\r\n\r\n+ Bernardo Prieto, profesor del Departamento de Higiene y Tecnolog\u00eda de los Alimentos de la Universidad de Le\u00f3n.\r\n\r\n+ Juanjo Losada cocinero-chef del Restaurante Pablo de Le\u00f3n\r\n\r\n+ Adolfo Beneitez Fern\u00e1ndez, Presidente de la Asociaci\u00f3n de Sumilleres de Le\u00f3n\r\n\r\n+ Pablo Guti\u00e9rrez, apicultor y gerente de Industria del Envase\r\n\r\n+ Alberto Rodriguez Torices, conocido escritor de Le\u00f3n\r\n\r\n<a href=\"http:\/\/servicios.unileon.es\/oficina-verde\/semana-verde-2016\/20160524_100101\/\" rel=\"attachment wp-att-1964\"><img loading=\"lazy\" decoding=\"async\" class=\"alignnone size-medium wp-image-1964\" src=\"http:\/\/servicios.unileon.es\/oficina-verde\/files\/2015\/05\/20160524_100101-300x235.jpg\" alt=\"20160524_100101\" width=\"300\" height=\"235\" srcset=\"https:\/\/servicios.unileon.es\/oficina-verde\/files\/2015\/05\/20160524_100101-300x235.jpg 300w, https:\/\/servicios.unileon.es\/oficina-verde\/files\/2015\/05\/20160524_100101.jpg 587w\" sizes=\"auto, (max-width: 300px) 100vw, 300px\" \/><\/a> \u00a0\u00a0<a href=\"http:\/\/servicios.unileon.es\/oficina-verde\/semana-verde-2016\/20160524_101644\/\" rel=\"attachment wp-att-1967\"><img loading=\"lazy\" decoding=\"async\" class=\"alignnone size-medium wp-image-1967\" src=\"http:\/\/servicios.unileon.es\/oficina-verde\/files\/2015\/05\/20160524_101644-300x225.jpg\" alt=\"20160524_101644\" width=\"300\" height=\"225\" srcset=\"https:\/\/servicios.unileon.es\/oficina-verde\/files\/2015\/05\/20160524_101644-300x225.jpg 300w, https:\/\/servicios.unileon.es\/oficina-verde\/files\/2015\/05\/20160524_101644.jpg 640w\" sizes=\"auto, (max-width: 300px) 100vw, 300px\" \/><\/a> <a href=\"http:\/\/servicios.unileon.es\/oficina-verde\/semana-verde-2016\/20160524_103112\/\" rel=\"attachment wp-att-1968\"><img loading=\"lazy\" decoding=\"async\" class=\"alignnone size-medium wp-image-1968\" src=\"http:\/\/servicios.unileon.es\/oficina-verde\/files\/2015\/05\/20160524_103112-300x225.jpg\" alt=\"20160524_103112\" width=\"300\" height=\"225\" srcset=\"https:\/\/servicios.unileon.es\/oficina-verde\/files\/2015\/05\/20160524_103112-300x225.jpg 300w, https:\/\/servicios.unileon.es\/oficina-verde\/files\/2015\/05\/20160524_103112.jpg 640w\" sizes=\"auto, (max-width: 300px) 100vw, 300px\" \/><\/a>\r\n\r\n\u2022 16:00 a 20:00h.\r\n\r\nJornada de Agricultura Ecol\u00f3gica (Charlas Te\u00f3rico-pr\u00e1cticas) en la Escuela Superior y T\u00e9cnica de Ingenier\u00eda Agraria. Actividad Gratuita.\r\n\r\n<strong>MI\u00c9RCOLES 25 \u00a0DE MAYO<\/strong>\r\n\r\n\u2022 10:00 a 14:00h.\r\n\r\nTaller de Jardiner\u00eda Vertical Domiciliaria a cargo de Daniel Rivadulla (Ingeniero Forestal) en la Campa Central del Campus de Vegazana. Inscripciones en la Oficina Verde, plazas limitadas (m\u00e1ximo 25 personas). Actividad Gratuita.\r\n\r\n<a href=\"http:\/\/servicios.unileon.es\/oficina-verde\/semana-verde-2016\/20160525_125339\/\" rel=\"attachment wp-att-1970\"><img loading=\"lazy\" decoding=\"async\" class=\"alignnone size-medium wp-image-1970\" src=\"http:\/\/servicios.unileon.es\/oficina-verde\/files\/2015\/05\/20160525_125339-300x225.jpg\" alt=\"20160525_125339\" width=\"300\" height=\"225\" srcset=\"https:\/\/servicios.unileon.es\/oficina-verde\/files\/2015\/05\/20160525_125339-300x225.jpg 300w, https:\/\/servicios.unileon.es\/oficina-verde\/files\/2015\/05\/20160525_125339.jpg 640w\" sizes=\"auto, (max-width: 300px) 100vw, 300px\" \/><\/a>\u00a0<a href=\"http:\/\/servicios.unileon.es\/oficina-verde\/semana-verde-2016\/20160525_125333-2\/\" rel=\"attachment wp-att-1973\"><img loading=\"lazy\" decoding=\"async\" class=\"alignnone size-medium wp-image-1973\" src=\"http:\/\/servicios.unileon.es\/oficina-verde\/files\/2015\/05\/20160525_125333-1-300x249.jpg\" alt=\"20160525_125333\" width=\"300\" height=\"249\" srcset=\"https:\/\/servicios.unileon.es\/oficina-verde\/files\/2015\/05\/20160525_125333-1-300x249.jpg 300w, https:\/\/servicios.unileon.es\/oficina-verde\/files\/2015\/05\/20160525_125333-1.jpg 519w\" sizes=\"auto, (max-width: 300px) 100vw, 300px\" \/><\/a>\r\n\r\n&nbsp;\r\n\r\nMercadillo de Bicicletas usadas en la Campa Central del Campus de Vegazana.\r\n\r\n\u2022 18.30 a 20:30h.\r\n\r\nTaller de Observaci\u00f3n de Avifauna urbana a cargo de Manuel Antonio Gonz\u00e1lez (M\u00e1s que p\u00e1jaros). Comenzara en la Campa Central del Campus de Vegazana y proseguir\u00e1 por la Candamia (se recomienda llevar prism\u00e1ticos). Es necesario inscribirse en la Oficina Verde, plazas limitadas. Actividad Gratuita.\r\n\r\n<strong>JUEVES 26 DE MAYO<\/strong>\r\n\u2022 12:00h.\r\n\r\nEntrega final de premios y Distinciones \u00abII Concurso de Mieles de la provincia de Le\u00f3n ULE- URZAPA\u00bb en el Paraninfo de Veterinaria.\r\n\r\nConferencia \u00abVeneno de abejas: Ese gran desconocido\u00bb a cargo de Fernando Diez Vidal en el Paraninfo de Veterinaria. Actividad Gratuita.\r\n\r\n<a href=\"http:\/\/servicios.unileon.es\/oficina-verde\/semana-verde-2016\/20160526_120740\/\" rel=\"attachment wp-att-1983\"><img loading=\"lazy\" decoding=\"async\" class=\"alignnone size-medium wp-image-1983\" src=\"http:\/\/servicios.unileon.es\/oficina-verde\/files\/2015\/05\/20160526_120740-246x300.jpg\" alt=\"20160526_120740\" width=\"246\" height=\"300\" srcset=\"https:\/\/servicios.unileon.es\/oficina-verde\/files\/2015\/05\/20160526_120740-246x300.jpg 246w, https:\/\/servicios.unileon.es\/oficina-verde\/files\/2015\/05\/20160526_120740.jpg 429w\" sizes=\"auto, (max-width: 246px) 100vw, 246px\" \/><\/a>\r\n\r\n\u2022 18:00 a 20:00h.\r\n\r\nTaller de Cocina Natural y Vegetal \u00a0 en la \u00a0Cafeter\u00eda Universitaria I, Dani &amp; Jose. Impartido por Estrella Alfaro, Patricia Casas y Fabiola G\u00f3mez, especialistas en cocina vegetal y natural. Es necesaria inscripci\u00f3n en la Oficina Verde, plazas limitadas (m\u00e1ximo 25 personas). Coste de la actividad: Estudiantes 5 euros ; PAS\/PDI 7 euros.\r\n\r\n<a href=\"http:\/\/servicios.unileon.es\/oficina-verde\/semana-verde-2016\/taller-de-cocina-natural-y-vegetal-recetas\/\" rel=\"attachment wp-att-1990\">Taller de cocina natural y vegetal recetas<\/a>\r\n\r\n<a href=\"http:\/\/servicios.unileon.es\/oficina-verde\/semana-verde-2016\/plantas-silvestres-tamano-grande-500x500\/\" rel=\"attachment wp-att-1960\"><img loading=\"lazy\" decoding=\"async\" class=\"alignnone size-medium wp-image-1960\" src=\"http:\/\/servicios.unileon.es\/oficina-verde\/files\/2015\/05\/Plantas-silvestres.tama\u00f1o-grande-500x500-300x225.jpg\" alt=\"Plantas-silvestres.tama\u00f1o grande (500x500)\" width=\"300\" height=\"225\" \/><\/a>\r\n\r\n<strong>VIERNES 27 DE MAYO<\/strong>\r\n\r\n\u2022 17:00h.\r\n\r\nInterpretaci\u00f3n del recibo de la Luz (a cargo de Victor Coca) y Exposici\u00f3n de Apps de Medio Ambiente(a cargo de Diana Caminero Mach\u00edn) en el Sal\u00f3n de Grados de Filosof\u00eda y Letras. Actividad Gratuita.\r\n\r\n<a href=\"http:\/\/servicios.unileon.es\/oficina-verde\/semana-verde-2016\/20160527_170634\/\" rel=\"attachment wp-att-1979\"><img loading=\"lazy\" decoding=\"async\" class=\"alignnone size-medium wp-image-1979\" src=\"http:\/\/servicios.unileon.es\/oficina-verde\/files\/2015\/05\/20160527_170634-300x225.jpg\" alt=\"20160527_170634\" width=\"300\" height=\"225\" srcset=\"https:\/\/servicios.unileon.es\/oficina-verde\/files\/2015\/05\/20160527_170634-300x225.jpg 300w, https:\/\/servicios.unileon.es\/oficina-verde\/files\/2015\/05\/20160527_170634.jpg 640w\" sizes=\"auto, (max-width: 300px) 100vw, 300px\" \/><\/a>\r\n\r\n<a href=\"http:\/\/servicios.unileon.es\/oficina-verde\/semana-verde-2016\/taller-luz-2016\/\" rel=\"attachment wp-att-1980\">Interpretaci\u00f3n recibo de la Luz &#8211; Presentaci\u00f3n<\/a>\r\n\r\n<a href=\"http:\/\/servicios.unileon.es\/oficina-verde\/semana-verde-2016\/img1464610036196\/\" rel=\"attachment wp-att-1987\"><img loading=\"lazy\" decoding=\"async\" class=\"alignnone size-medium wp-image-1987\" src=\"http:\/\/servicios.unileon.es\/oficina-verde\/files\/2015\/05\/img1464610036196-300x225.jpg\" alt=\"img1464610036196\" width=\"300\" height=\"225\" srcset=\"https:\/\/servicios.unileon.es\/oficina-verde\/files\/2015\/05\/img1464610036196-300x225.jpg 300w, https:\/\/servicios.unileon.es\/oficina-verde\/files\/2015\/05\/img1464610036196-768x576.jpg 768w, https:\/\/servicios.unileon.es\/oficina-verde\/files\/2015\/05\/img1464610036196.jpg 800w\" sizes=\"auto, (max-width: 300px) 100vw, 300px\" \/><\/a>\r\n\r\n<a href=\"http:\/\/servicios.unileon.es\/oficina-verde\/semana-verde-2016\/apps-medio-ambiente-semana-verde-2016\/\" rel=\"attachment wp-att-1986\">Apps Medio Ambiente Semana Verde 2016<\/a>\r\n\r\n&nbsp;\r\n\r\n&nbsp;\r\n\r\n&nbsp;","protected":false},"excerpt":{"rendered":"<p>PROGRAMA: MARTES 24 DE MAYO \u202210:00h. Fase Final \u00abII Concurso de Mieles de la provincia de Le\u00f3n ULE- URZAPA\u00bb en el Laboratorio de Microscop\u00eda de la Facultad de Ciencias Biol\u00f3gicas y Ambientales. El Jurado Popular que decidir\u00e1 la Mejor Miel de Le\u00f3n 2015 en el II Concurso de Mieles ULE-URZAPA estar\u00e1 integrado por: + Bernardo [&hellip;]<\/p>\n","protected":false},"author":10,"featured_media":0,"parent":0,"menu_order":0,"comment_status":"closed","ping_status":"closed","template":"","meta":{"footnotes":""},"class_list":["post-1912","page","type-page","status-publish","hentry"],"_links":{"self":[{"href":"https:\/\/servicios.unileon.es\/oficina-verde\/wp-json\/wp\/v2\/pages\/1912","targetHints":{"allow":["GET"]}}],"collection":[{"href":"https:\/\/servicios.unileon.es\/oficina-verde\/wp-json\/wp\/v2\/pages"}],"about":[{"href":"https:\/\/servicios.unileon.es\/oficina-verde\/wp-json\/wp\/v2\/types\/page"}],"author":[{"embeddable":true,"href":"https:\/\/servicios.unileon.es\/oficina-verde\/wp-json\/wp\/v2\/users\/10"}],"replies":[{"embeddable":true,"href":"https:\/\/servicios.unileon.es\/oficina-verde\/wp-json\/wp\/v2\/comments?post=1912"}],"version-history":[{"count":28,"href":"https:\/\/servicios.unileon.es\/oficina-verde\/wp-json\/wp\/v2\/pages\/1912\/revisions"}],"predecessor-version":[{"id":1991,"href":"https:\/\/servicios.unileon.es\/oficina-verde\/wp-json\/wp\/v2\/pages\/1912\/revisions\/1991"}],"wp:attachment":[{"href":"https:\/\/servicios.unileon.es\/oficina-verde\/wp-json\/wp\/v2\/media?parent=1912"}],"curies":[{"name":"wp","href":"https:\/\/api.w.org\/{rel}","templated":true}]}}