{"id":16,"date":"2014-02-03T08:58:54","date_gmt":"2014-02-03T08:58:54","guid":{"rendered":"http:\/\/servicios.unileon.es\/formacion-pas\/?page_id=16"},"modified":"2021-04-30T07:42:32","modified_gmt":"2021-04-30T07:42:32","slug":"recursos-en-la-red","status":"publish","type":"page","link":"https:\/\/servicios.unileon.es\/formacion-pas\/recursos-en-la-red\/","title":{"rendered":"Sugerencias de otras actividades formativas"},"content":{"rendered":"<p style=\"text-align: center;\"><span style=\"color: #000000;\"><strong><em>Te ofrecemos una peque\u00f1a selecci\u00f3n de diferentes actividades formativas que se inician\u00a0pr\u00f3ximamente\u00a0en la ULE y\/o a\u00a0trav\u00e9s de diferentes universidades y organismos.\u00a0<\/em><\/strong><\/span><\/p>\n<p style=\"text-align: justify;\"><span style=\"color: #000000; text-decoration: underline;\"><strong>CURSOS DE\u00a0EXTENSI\u00d3N UNIVERSITARIA\u00a0DE LA ULE<\/strong><\/span><\/p>\n<ul style=\"text-align: justify;\">\n<li><strong>Introducci\u00f3n a la conservaci\u00f3n y restauraci\u00f3n de bienes muebles de la cultura tradicional<\/strong>. Inicio: 4 de mayo de 2021. 22 horas. <a href=\"http:\/\/fgulem.unileon.es\/euniversitaria\/curso.aspx?id=2184\">M\u00e1s informaci\u00f3n<\/a><\/li>\n<li><strong>Variaciones con Trio A. Danza en espacios abiertos.<\/strong> Inicio 5 de mayo de 2021. 20 horas. <a href=\"http:\/\/fgulem.unileon.es\/euniversitaria\/curso.aspx?id=2181\">M\u00e1s informaci\u00f3n<\/a>.<\/li>\n<li><strong><span id=\"lbltitulo\">Inmunoexpert: inmunolog\u00eda aplicada a la producci\u00f3n de rumiantes.<\/span> <\/strong>Inicio: 11 de junio de 2021. 39,75 horas. <a href=\"http:\/\/fgulem.unileon.es\/euniversitaria\/curso.aspx?id=2228\">M\u00e1s informaci\u00f3n.<\/a><\/li>\n<li><strong><span id=\"lbltitulo\">T\u00e9cnicas y herramientas para ser un investigador con impacto en geociencias<\/span>.<\/strong> Inicio: 14 de junio de 2021. 40 horas. <a href=\"http:\/\/fgulem.unileon.es\/euniversitaria\/curso.aspx?id=2083\">M\u00e1s informaci\u00f3n<\/a><\/li>\n<\/ul>\n<p style=\"text-align: right;\"><span style=\"color: #000000;\">Accede a<\/span> <a href=\"http:\/\/fgulem.unileon.es\/euniversitaria\/oferta.aspx?tipo=1&amp;m=3\">TODOS LOS CURSOS<\/a> <span style=\"color: #000000;\">de Extensi\u00f3n Universitaria ULE<\/span><\/p>\n<p>&nbsp;<\/p>\n<p style=\"text-align: justify;\"><span style=\"text-decoration: underline;\"><strong>CURSOS ONLINE\u00a0UBU<\/strong><\/span><\/p>\n<ul>\n<li><span style=\"color: #000000;\"><b>Carpe diem: leer y escribir poes\u00eda. V edici\u00f3n. UBUAbierta. <\/b>Inicio: 3 de mayo de 2021. 30horas. <a href=\"https:\/\/www.ubu.es\/te-interesa\/carpe-diem-leer-y-escribir-poesia-v-edicion-ubuabierta\">M\u00e1s informaci\u00f3n<\/a><\/span><\/li>\n<li><strong>Iniciaci\u00f3n a la integraci\u00f3n sensorial: una teor\u00eda de la terapia ocupacional. II edici\u00f3n. UBUAbierta<\/strong>. Inicio: 4 de mayo de 2021. 30horas. <a href=\"https:\/\/www.ubu.es\/te-interesa\/iniciacion-la-integracion-sensorial-una-teoria-de-la-terapia-ocupacional-ii-edicion-ubuabierta\">M\u00e1s informaci\u00f3n.<\/a><\/li>\n<li><strong>Procesamiento LiDAR en QGIS. II edici\u00f3n. UBUAbierta.<\/strong> Inicio: 4 de mayo de 2021. 60 horas. <a href=\"https:\/\/www.ubu.es\/te-interesa\/procesamiento-lidar-en-qgis-ii-edicion-ubuabierta\">M\u00e1s informaci\u00f3n<\/a><\/li>\n<\/ul>\n<p style=\"text-align: right;\">Accede a <a href=\"https:\/\/www.ubu.es\/ubuabierta-cursos-de-extension-universitaria\/cursos-ubuabierta\">TODOS LOS CURSOS<\/a> online de la UBU<\/p>\n<p><span style=\"text-decoration: underline;\"><strong>CURSOS ONLINE\u00a0USAL<\/strong><\/span><\/p>\n<ul style=\"text-align: justify;\">\n<li><strong>Energ\u00edas Renovables. 20\u00aa ed.<\/strong> Finaliza 31 de julio de 2021. <a href=\"http:\/\/vaporetto.usal.es\/preactform\/detalleCurso?codigo_curso=5175&amp;ano_academico=2020&amp;convocatoria=1\">M\u00e1s informaci\u00f3n<\/a><\/li>\n<li><strong>Ingenier\u00eda civil. Infraestructuras singulares.<\/strong> <strong>20\u00aa ed.<\/strong> Finaliza 31 de julio de 2021. <a href=\"https:\/\/cverano.usal.es\/infocursos\/20_5176_01\">M\u00e1s informaci\u00f3n<\/a><\/li>\n<\/ul>\n<p style=\"text-align: right;\"><span style=\"color: #000000;\">Accede a<\/span><a href=\"http:\/\/vaporetto.usal.es\/preactform\/inicio\"> TODOS LOS CURSOS <\/a><span style=\"color: #000000;\">online de la USAL<\/span><\/p>\n","protected":false},"excerpt":{"rendered":"<p>Te ofrecemos una peque\u00f1a selecci\u00f3n de diferentes actividades formativas que se inician\u00a0pr\u00f3ximamente\u00a0en la ULE y\/o a\u00a0trav\u00e9s de diferentes universidades y organismos.\u00a0 CURSOS DE\u00a0EXTENSI\u00d3N UNIVERSITARIA\u00a0DE LA ULE Introducci\u00f3n a la conservaci\u00f3n y restauraci\u00f3n de bienes muebles de la cultura tradicional. Inicio: &hellip; <a href=\"https:\/\/servicios.unileon.es\/formacion-pas\/recursos-en-la-red\/\">Sigue leyendo <span class=\"meta-nav\">&rarr;<\/span><\/a><\/p>\n","protected":false},"author":1,"featured_media":0,"parent":0,"menu_order":0,"comment_status":"closed","ping_status":"open","template":"","meta":{"footnotes":""},"class_list":["post-16","page","type-page","status-publish","hentry"],"_links":{"self":[{"href":"https:\/\/servicios.unileon.es\/formacion-pas\/wp-json\/wp\/v2\/pages\/16","targetHints":{"allow":["GET"]}}],"collection":[{"href":"https:\/\/servicios.unileon.es\/formacion-pas\/wp-json\/wp\/v2\/pages"}],"about":[{"href":"https:\/\/servicios.unileon.es\/formacion-pas\/wp-json\/wp\/v2\/types\/page"}],"author":[{"embeddable":true,"href":"https:\/\/servicios.unileon.es\/formacion-pas\/wp-json\/wp\/v2\/users\/1"}],"replies":[{"embeddable":true,"href":"https:\/\/servicios.unileon.es\/formacion-pas\/wp-json\/wp\/v2\/comments?post=16"}],"version-history":[{"count":159,"href":"https:\/\/servicios.unileon.es\/formacion-pas\/wp-json\/wp\/v2\/pages\/16\/revisions"}],"predecessor-version":[{"id":362,"href":"https:\/\/servicios.unileon.es\/formacion-pas\/wp-json\/wp\/v2\/pages\/16\/revisions\/362"}],"wp:attachment":[{"href":"https:\/\/servicios.unileon.es\/formacion-pas\/wp-json\/wp\/v2\/media?parent=16"}],"curies":[{"name":"wp","href":"https:\/\/api.w.org\/{rel}","templated":true}]}}