{"id":143,"date":"2019-03-06T11:53:42","date_gmt":"2019-03-06T11:53:42","guid":{"rendered":"http:\/\/servicios.unileon.es\/defensor\/?page_id=143"},"modified":"2020-10-19T10:10:37","modified_gmt":"2020-10-19T10:10:37","slug":"ii-ciclo-de-jornadas-abiertas","status":"publish","type":"page","link":"https:\/\/servicios.unileon.es\/defensor\/ii-ciclo-de-jornadas-abiertas\/","title":{"rendered":"II Ciclo de Jornadas Abiertas"},"content":{"rendered":"Los pr\u00f3ximos d\u00edas 8 y 10 de abril y 15 de mayo de 2019, se celebrar\u00e1 el II Ciclo de\u00a0\u00a0Jornadas Abiertas \u00abG\u00e9nero, Diversidad Sexual y Derecho\u00bb, organizadas por la Defensor\u00eda de la Comunidad Universitaria de la Universidad de Le\u00f3n.\r\n<table style=\"width: 639px; height: 171px;\">\r\n<tbody>\r\n<tr>\r\n<td style=\"width: 243.59px; text-align: center;\"><a href=\"https:\/\/goo.gl\/forms\/a5Tv0JEmDiAbMjcl1\">INSCRIPCI\u00d3N<\/a><\/td>\r\n<td style=\"width: 216.65px; text-align: center;\"><a href=\"https:\/\/wetransfer.com\/downloads\/f324c19c2c902d33d1c4595b457619bc20190405080710\/c911bac718bf9c769b022952aa96c9c120190405080711\/a5e5aa\">Entrevista al Defensor en el Programa Ateneo de Radio Universitaria de Le\u00f3n<\/a><\/td>\r\n<td style=\"width: 32.76px;\"><\/td>\r\n<\/tr>\r\n<tr>\r\n<td style=\"width: 243.59px; text-align: center;\"><a href=\"http:\/\/servicios.unileon.es\/defensor\/videos-conferencias\/\">VIDEOS DE LAS CONFERENCIAS<\/a><\/td>\r\n<td style=\"width: 216.65px; text-align: center;\">CERTIFICADOS<\/td>\r\n<td style=\"width: 32.76px;\"><\/td>\r\n<\/tr>\r\n<tr>\r\n<td style=\"width: 243.59px; text-align: center;\"><a href=\"http:\/\/servicios.unileon.es\/defensor\/files\/2019\/05\/Programa-II-CIclo-en-carteler\u00eda.pdf\">Programa II Ciclo de Jornadas Abiertas<\/a> sobre Genero, Diversidad Sexual y Derecho 2019<\/td>\r\n<td style=\"width: 216.65px; text-align: center;\"><a href=\"http:\/\/servicios.unileon.es\/defensor\/galeria-de-fotos-jornadas-ii-ciclo\/\">GALERIA DE FOTOS<\/a><\/td>\r\n<td style=\"width: 32.76px; text-align: center;\"><\/td>\r\n<\/tr>\r\n<\/tbody>\r\n<\/table>\r\n&nbsp;\r\n<h2 style=\"text-align: justify;\">1\u00aa JORNADA. 8 DE ABRIL DE 2019<\/h2>\r\n<p style=\"text-align: justify;\"><strong>VIOLENCIA SEXUAL Y V\u00cdCTIMAS DE AGRESIONES<\/strong>\r\nCoordinadora de la jornada. D\u00aa. Jessica Mart\u00ednez S\u00e1nchez<\/p>\r\n<p style=\"text-align: justify;\">16:00 horas. Inauguraci\u00f3n del Ciclo de Jornadas\r\nIlmo. Sr. D. Juan Francisco Garc\u00eda Mar\u00edn, Magco. Rector de la Universidad de Le\u00f3n.\r\nIlmo. Sr. D. Faustino S\u00e1nchez Samartino. Subdelegado del Gobierno en Le\u00f3n.\r\nIlmo. Sr. D. Juan Jos\u00e9 Fern\u00e1ndez Dom\u00ednguez. Decano de la Facultad de Derecho de la Universidad de Le\u00f3n.<\/p>\r\n<p style=\"text-align: justify;\">16:30 horas. Mesa Primera.\r\nPreside. D\u00aa. Jessica Mart\u00ednez S\u00e1nchez. Jefa de Unidad de Violencia contra la Mujer. Subdelegaci\u00f3n del Gobierno en Le\u00f3n.\r\nD\u00aa. Bego\u00f1a P\u00e9rez Alvarez. <em>Asistencia Psicol\u00f3gica a Victimas de Violencia Sexual.<\/em> Psicologa Adavas.\r\nD. Carlos Fern\u00e1ndez Fern\u00e1ndez. <em>Perspectiva criminol\u00f3gica en agresiones sexuales.<\/em> Sargento Primero de la Guardia Civil. Jefe del Equipo de Polic\u00eda Judicial. Crimin\u00f3logo.\r\nD. Enrique Javier D\u00edez Guti\u00e9rrez. <em>Cultura machista y agresi\u00f3n sexual.<\/em> Prometeo.\r\nD. Cruz de la Fuente. T\u00e9cnico de Instituciones Penitenciarias. Programas de tratamiento en hombres condenados por agresi\u00f3n sexual en Instituciones penitenciarias.<\/p>\r\n<p style=\"text-align: justify;\">18:00 horas. Mesa Segunda.\r\nPreside. D\u00aa. Mar\u00eda Anunciaci\u00f3n Trapero Barreales. Catedr\u00e1tica Acreditada de Derecho Penal de la Universidad de Le\u00f3n.\r\nD. Francisco Javier Guti\u00e9rrez Hern\u00e1ndez <em>La labor de la Fiscal\u00eda ante los casos de violencia sexual.<\/em> Fiscal de Le\u00f3n.\r\nD. Fernando Javier Mu\u00f1\u00edz Tejerina. <em>La labor del Juez ante los casos de violencia sexual.<\/em> Magistrado del Juzgado de lo Penal de Le\u00f3n.\r\nD. Jorge Gonz\u00e1lez Fern\u00e1ndez. <em>Violencia Sexual. La persona como centro de la evaluaci\u00f3n pericial forense.<\/em> Director del Instituto de Medicina Legal de La Rioja.<\/p>\r\n\r\n<h2 style=\"text-align: justify;\">2\u00aa JORNADA. 10 DE ABRIL DE 2019<\/h2>\r\n<p style=\"text-align: center;\"><strong>MUJERES Y DIVERSAS<\/strong>\r\nCoordinadora de la Jornada. D\u00aa. Concepci\u00f3n Unanue Cuesta<\/p>\r\n<span style=\"text-decoration: underline;\"><strong>16:00 horas. Mesa Primera.<\/strong><\/span>\r\n\r\n<strong>Preside. D\u00aa. Concepci\u00f3n Unanue Cuesta. <\/strong>Doctora en Antropolog\u00eda. Profa. Asociada en la Universidad de Valladolid.\r\n\r\n<strong>D\u00aa. Mar\u00eda Rosario Hildegard S\u00e1nchez Morales. <\/strong><em>Las mujeres sin hogar en Espa\u00f1a. Una realidad invisibilizada<\/em>. Catedr\u00e1tica de Sociolog\u00eda de la UNED (Intervenci\u00f3n por videoconferencia).\r\n\r\n<strong>D\u00aa. Charo Alises Castillo<\/strong>. <em>Delitos de odio. <\/em>Presidenta de la Comisi\u00f3n de Derechos Humanos del Ilustre Colegio de Abogados de M\u00e1laga, especialista en delitos de odio.\r\n\r\n<strong>D\u00aa. Ana Mar\u00eda Ayuso Cruces<\/strong>. <em>Identidad sexual y acompa\u00f1amiento positivo. <\/em>Chrysallis CyL \u2010 Bierzo.\r\n\r\n<strong>D\u00aa. Mar\u00eda Hern\u00e1ndez P\u00e9rez<em>. <\/em><\/strong><em>Una experiencia en primera persona: Activista feminista y gitana<\/em>. Concejal del Ayuntamiento de Le\u00f3n.\r\n\r\n<span style=\"text-decoration: underline;\"><strong>18:00 horas. Mesa Segunda.<\/strong><\/span>\r\n\r\n<strong>Preside. D. Paulino C\u00e9sar Pardo Prieto. <\/strong>Prof. Titular del \u00c1rea de Derecho Eclesi\u00e1stico del Estado de la Universidad de Le\u00f3n.\r\n\r\n<strong>D\u00aa. Mari Cruz Llamazares Calzadilla<\/strong>. <em>Las mujeres en las religiones<\/em>. Catedr\u00e1tica Acreditada de Derecho Eclesi\u00e1stico del Estado de la Universidad Carlos III de Madrid.\r\n<p style=\"text-align: justify;\"><strong>D\u00aa. Aurelia \u00c1lvarez Rodr\u00edguez<\/strong>. <em>Mujeres e inmigrantes<\/em>. Catedr\u00e1tica Acreditada de Derecho Internacional Privado de la Universidad de Le\u00f3n.<\/p>\r\n\r\n<h2><\/h2>\r\n<h2 style=\"text-align: justify;\">3\u00aa JORNADA, 15 DE MAYO DE 2019<\/h2>\r\n<p style=\"text-align: center;\"><strong>VIOLENCIA OBST\u00c9TRICA<\/strong>\r\nCoordinadora de la Jornada. D\u00aa. Marina Morla Gonz\u00e1lez<\/p>\r\n<p style=\"text-align: justify;\"><strong><u>11:15 horas. Mesa Primera. Maternidad y nacimiento.<\/u><\/strong><\/p>\r\n<strong>Preside: D\u00aa. Adelina Rodr\u00edguez Pacios. <\/strong>Directora del \u00c1rea Social del Vicerrectorado de Responsabilidad Social, Cultura y Deporte de la Universidad de Le\u00f3n.\r\n\r\n<strong>D\u00aa. Isabel Fern\u00e1ndez del Castillo. \u00abImplicaciones psicosociales de la violencia obst\u00e9trica\u00bb. <\/strong>Autora de \u201c<em>La revoluci\u00f3n del nacimiento\u201d<\/em>. Fundadora de Terra Mater y cofundadora y gerente del Instituto Europeo de Salud Mental Perinatal.\r\n<p style=\"text-align: justify;\"><strong>D\u00aa. Serena Brigidi. \u00ab\u00bfJugamos a parir?. La violencia obst\u00e9trica entre brutalidad y trivialidad\u00bb. <\/strong>Cofundadora del grupo de investigaci\u00f3n MATER: Observatori de les maternitats i paternitats contemporanis.<\/p>\r\n<p style=\"text-align: justify;\"><strong>D\u00aa. Stella Villarmea. \u00abCuando el \u00fatero entra por la puerta, la raz\u00f3n sale por la ventana: violencia obst\u00e9trica y racionalidad\u00bb. <\/strong>Catedr\u00e1tica de Universidad del Departamento de Historia y Filosof\u00eda de la Universidad de Alcal\u00e1 (Videoconferencia desde Oxford University).<\/p>\r\n<p style=\"text-align: justify;\"><strong>D\u00aa. Beatriz Aller. \u00abEl marketing del parto respetado\u00bb. <\/strong>Presidenta de la asociaci\u00f3n <em>El parto es nuestro.<\/em><\/p>\r\n<p style=\"text-align: justify;\"><strong>D\u00aa. Selene de la Fuente. \u00abEl derecho de elecci\u00f3n de la mujer sobre los restos del propio cuerpo. Tratamiento jur\u00eddico del mortinato y la placenta\u00bb. <\/strong>Doctoranda en Derecho de la Universidad de Le\u00f3n.<\/p>\r\n<p style=\"text-align: justify;\"><strong><u>16:00 horas. Mesa Segunda. Buenas pr\u00e1cticas<\/u><\/strong><strong> <u>profesionales ante la maternidad y el nacimiento.<\/u><\/strong><\/p>\r\n<p style=\"text-align: justify;\"><strong>\u00a0<\/strong><strong>Preside. D. Leandro B. Rodr\u00edguez Aparicio. <\/strong>Catedr\u00e1tico de Bioqu\u00edmica y Biolog\u00eda Molecular. Director de la Escuela Universitaria de Ciencias de la Salud (entre 2003 y 2011).<\/p>\r\n<p style=\"text-align: justify;\"><strong>D\u00aa. Rosario Quintana Pantale\u00f3n. \u00abLos profesionales ante la atenci\u00f3n al parto y al nacimiento\u00bb. <\/strong>Ginec\u00f3loga, Exconsejera de Sanidad de la Comunidad Aut\u00f3noma de Cantabria.<\/p>\r\n<p style=\"text-align: justify;\"><strong>D. Rub\u00e9n Garc\u00eda Fern\u00e1ndez<\/strong>. <strong>\u00abBuena pr\u00e1ctica en la actuaci\u00f3n como matr\u00f3n\/matrona\u00bb.<\/strong> Matr\u00f3n del Hospital \u201cEl Bierzo\u201d, Ponferrada.<\/p>\r\n<p style=\"text-align: justify;\"><strong>D\u00aa. Ana Felicitas L\u00f3pez Rodr\u00edguez. \u00abEvoluci\u00f3n hist\u00f3rica de la atenci\u00f3n al parto\u00bb. <\/strong>Profesora Titular de Enfermer\u00eda y Fisioterapia, Universidad de Le\u00f3n.<\/p>\r\n<p style=\"text-align: justify;\"><strong>D\u00aa. Ruth Fern\u00e1ndez Mat\u00eda. \u00abLa salud mental en el per\u00edodo perinatal: prevenci\u00f3n, detecci\u00f3n y tratamiento\u00bb. <\/strong>Psic\u00f3loga especialista en la atenci\u00f3n en\u00a0el\u00a0per\u00edodo perinatal.<\/p>\r\n<p style=\"text-align: justify;\"><strong><u>18:00 horas. Mesa Tercera. Aproximaci\u00f3n jur\u00eddica al<\/u><\/strong><strong> <u>derecho a la salud reproductiva y al concepto de<\/u> <u>violencia obst\u00e9trica.<\/u><\/strong><\/p>\r\n<p style=\"text-align: justify;\"><strong>\u00a0<\/strong><strong>Preside. : D. Salvador Tarodo Soria. <\/strong>Profesor Titular de Universidad del \u00c1rea de Derecho Eclesi\u00e1stico del Estado de la Universidad de Le\u00f3n.<\/p>\r\n<p style=\"text-align: justify;\"><strong>D\u00aa Yolanda Garc\u00eda Ruiz. \u00abEl derecho constitucional a la salud reproductiva\u00bb. <\/strong>Profesora Titular del \u00c1rea de Derecho Eclesi\u00e1stico del Estado de la Universidad de Valencia.<\/p>\r\n<p style=\"text-align: justify;\"><strong>D\u00aa. Marta Busquets Gallego. <\/strong>Abogada y Profesora de la Universidad Rovira i Virgill de Tarragona.<\/p>\r\n<p style=\"text-align: justify;\"><strong>D\u00aa. Francisca Fern\u00e1ndez. \u00abEn violencia obst\u00e9trica: defensa de las v\u00edctimas\u00bb. <\/strong>Abogada especializada en aspectos jur\u00eddicos de salud reproductiva.<\/p>\r\n<p style=\"text-align: justify;\"><strong>D\u00aa. Marina Morla Gonz\u00e1lez. \u00abDe c\u00f3mo la violencia obst\u00e9trica en Espa\u00f1a lleg\u00f3 a la sede de las Naciones Unidas: procedimiento y causas\u00bb. <\/strong>Contratada Predoctoral \u00c1rea de Derecho Eclesi\u00e1stico del Estado de la Universidad de Le\u00f3n.<\/p>\r\n<p style=\"text-align: justify;\"><span style=\"text-decoration: underline;\"><strong>19:45 horas. Clausura de la Jornada y del Ciclo.<\/strong><\/span><\/p>\r\n<p style=\"text-align: justify;\"><strong>Prof. Dr. D. Isidoro Mart\u00ednez Mart\u00edn, <\/strong>Vicerrector de Responsabilidad Social, Cultura y Deportes de la Universidad de Le\u00f3n.<\/p>","protected":false},"excerpt":{"rendered":"<p>Los pr\u00f3ximos d\u00edas 8 y 10 de abril y 15 de mayo de 2019, se celebrar\u00e1 el II Ciclo de\u00a0\u00a0Jornadas Abiertas \u00abG\u00e9nero, Diversidad Sexual y Derecho\u00bb, organizadas por la Defensor\u00eda de la Comunidad Universitaria de la Universidad de Le\u00f3n. INSCRIPCI\u00d3N Entrevista al Defensor en el Programa Ateneo de Radio Universitaria de Le\u00f3n VIDEOS DE LAS [&hellip;]<\/p>\n","protected":false},"author":757,"featured_media":0,"parent":0,"menu_order":0,"comment_status":"closed","ping_status":"closed","template":"","meta":{"footnotes":""},"class_list":["post-143","page","type-page","status-publish","hentry"],"_links":{"self":[{"href":"https:\/\/servicios.unileon.es\/defensor\/wp-json\/wp\/v2\/pages\/143","targetHints":{"allow":["GET"]}}],"collection":[{"href":"https:\/\/servicios.unileon.es\/defensor\/wp-json\/wp\/v2\/pages"}],"about":[{"href":"https:\/\/servicios.unileon.es\/defensor\/wp-json\/wp\/v2\/types\/page"}],"author":[{"embeddable":true,"href":"https:\/\/servicios.unileon.es\/defensor\/wp-json\/wp\/v2\/users\/757"}],"replies":[{"embeddable":true,"href":"https:\/\/servicios.unileon.es\/defensor\/wp-json\/wp\/v2\/comments?post=143"}],"version-history":[{"count":34,"href":"https:\/\/servicios.unileon.es\/defensor\/wp-json\/wp\/v2\/pages\/143\/revisions"}],"predecessor-version":[{"id":252,"href":"https:\/\/servicios.unileon.es\/defensor\/wp-json\/wp\/v2\/pages\/143\/revisions\/252"}],"wp:attachment":[{"href":"https:\/\/servicios.unileon.es\/defensor\/wp-json\/wp\/v2\/media?parent=143"}],"curies":[{"name":"wp","href":"https:\/\/api.w.org\/{rel}","templated":true}]}}